{"id":32920,"date":"2021-05-24T11:59:45","date_gmt":"2021-05-24T11:59:45","guid":{"rendered":"http:\/\/vinosnavarra.com\/bodegas-y-enoturismo\/"},"modified":"2024-12-18T11:41:22","modified_gmt":"2024-12-18T11:41:22","slug":"wineries-and-wine-tourism","status":"publish","type":"page","link":"https:\/\/vinosnavarra.com\/en\/wineries-and-wine-tourism\/","title":{"rendered":"Wineries"},"content":{"rendered":"\t\t<div data-elementor-type=\"wp-page\" data-elementor-id=\"32920\" class=\"elementor elementor-32920 elementor-31753\" data-elementor-settings=\"[]\">\n\t\t\t\t\t\t\t<div class=\"elementor-section-wrap\">\n\t\t\t\t\t\t\t<section class=\"elementor-section elementor-top-section elementor-element elementor-element-51b95fd elementor-section-full_width elementor-section-height-default elementor-section-height-default\" data-id=\"51b95fd\" data-element_type=\"section\" data-settings=\"{&quot;shape_divider_bottom&quot;:&quot;mountains&quot;}\">\n\t\t\t\t\t<div class=\"elementor-shape elementor-shape-bottom\" data-negative=\"false\">\n\t\t\t<svg xmlns=\"http:\/\/www.w3.org\/2000\/svg\" viewBox=\"0 0 1000 100\" preserveAspectRatio=\"none\">\n\t<path class=\"elementor-shape-fill\" opacity=\"0.33\" d=\"M473,67.3c-203.9,88.3-263.1-34-320.3,0C66,119.1,0,59.7,0,59.7V0h1000v59.7 c0,0-62.1,26.1-94.9,29.3c-32.8,3.3-62.8-12.3-75.8-22.1C806,49.6,745.3,8.7,694.9,4.7S492.4,59,473,67.3z\"\/>\n\t<path class=\"elementor-shape-fill\" opacity=\"0.66\" d=\"M734,67.3c-45.5,0-77.2-23.2-129.1-39.1c-28.6-8.7-150.3-10.1-254,39.1 s-91.7-34.4-149.2,0C115.7,118.3,0,39.8,0,39.8V0h1000v36.5c0,0-28.2-18.5-92.1-18.5C810.2,18.1,775.7,67.3,734,67.3z\"\/>\n\t<path class=\"elementor-shape-fill\" d=\"M766.1,28.9c-200-57.5-266,65.5-395.1,19.5C242,1.8,242,5.4,184.8,20.6C128,35.8,132.3,44.9,89.9,52.5C28.6,63.7,0,0,0,0 h1000c0,0-9.9,40.9-83.6,48.1S829.6,47,766.1,28.9z\"\/>\n<\/svg>\t\t<\/div>\n\t\t\t\t\t<div class=\"elementor-container elementor-column-gap-no\">\n\t\t\t\t\t<div class=\"elementor-column elementor-col-100 elementor-top-column elementor-element elementor-element-9c78921\" data-id=\"9c78921\" data-element_type=\"column\">\n\t\t\t<div class=\"elementor-widget-wrap elementor-element-populated\">\n\t\t\t\t\t\t\t\t<section class=\"elementor-section elementor-inner-section elementor-element elementor-element-59c510e elementor-section-full_width elementor-section-height-default elementor-section-height-default\" data-id=\"59c510e\" data-element_type=\"section\" data-settings=\"{&quot;background_background&quot;:&quot;gradient&quot;}\">\n\t\t\t\t\t\t<div class=\"elementor-container elementor-column-gap-no\">\n\t\t\t\t\t<div class=\"elementor-column elementor-col-100 elementor-inner-column elementor-element elementor-element-9d3285c\" data-id=\"9d3285c\" data-element_type=\"column\">\n\t\t\t<div class=\"elementor-widget-wrap elementor-element-populated\">\n\t\t\t\t\t\t\t\t<div class=\"elementor-element elementor-element-392f8b4 elementor-widget elementor-widget-spacer\" data-id=\"392f8b4\" data-element_type=\"widget\" data-widget_type=\"spacer.default\">\n\t\t\t\t<div class=\"elementor-widget-container\">\n\t\t\t\t\t<div class=\"elementor-spacer\">\n\t\t\t<div class=\"elementor-spacer-inner\"><\/div>\n\t\t<\/div>\n\t\t\t\t<\/div>\n\t\t\t\t<\/div>\n\t\t\t\t\t<\/div>\n\t\t<\/div>\n\t\t\t\t\t\t\t<\/div>\n\t\t<\/section>\n\t\t\t\t<section class=\"elementor-section elementor-inner-section elementor-element elementor-element-d075f26 elementor-section-full_width elementor-section-height-default elementor-section-height-default\" data-id=\"d075f26\" data-element_type=\"section\">\n\t\t\t\t\t\t<div class=\"elementor-container elementor-column-gap-no\">\n\t\t\t\t\t<div class=\"elementor-column elementor-col-100 elementor-inner-column elementor-element elementor-element-c503e90\" data-id=\"c503e90\" data-element_type=\"column\">\n\t\t\t<div class=\"elementor-widget-wrap\">\n\t\t\t\t\t\t\t\t\t<\/div>\n\t\t<\/div>\n\t\t\t\t\t\t\t<\/div>\n\t\t<\/section>\n\t\t\t\t\t<\/div>\n\t\t<\/div>\n\t\t\t\t\t\t\t<\/div>\n\t\t<\/section>\n\t\t\t\t<section class=\"elementor-section elementor-top-section elementor-element elementor-element-a4c7940 elementor-section-full_width elementor-section-height-default elementor-section-height-default\" data-id=\"a4c7940\" data-element_type=\"section\" data-settings=\"{&quot;background_background&quot;:&quot;classic&quot;,&quot;shape_divider_top&quot;:&quot;mountains&quot;,&quot;shape_divider_bottom&quot;:&quot;mountains&quot;}\">\n\t\t\t\t\t<div class=\"elementor-shape elementor-shape-top\" data-negative=\"false\">\n\t\t\t<svg xmlns=\"http:\/\/www.w3.org\/2000\/svg\" viewBox=\"0 0 1000 100\" preserveAspectRatio=\"none\">\n\t<path class=\"elementor-shape-fill\" opacity=\"0.33\" d=\"M473,67.3c-203.9,88.3-263.1-34-320.3,0C66,119.1,0,59.7,0,59.7V0h1000v59.7 c0,0-62.1,26.1-94.9,29.3c-32.8,3.3-62.8-12.3-75.8-22.1C806,49.6,745.3,8.7,694.9,4.7S492.4,59,473,67.3z\"\/>\n\t<path class=\"elementor-shape-fill\" opacity=\"0.66\" d=\"M734,67.3c-45.5,0-77.2-23.2-129.1-39.1c-28.6-8.7-150.3-10.1-254,39.1 s-91.7-34.4-149.2,0C115.7,118.3,0,39.8,0,39.8V0h1000v36.5c0,0-28.2-18.5-92.1-18.5C810.2,18.1,775.7,67.3,734,67.3z\"\/>\n\t<path class=\"elementor-shape-fill\" d=\"M766.1,28.9c-200-57.5-266,65.5-395.1,19.5C242,1.8,242,5.4,184.8,20.6C128,35.8,132.3,44.9,89.9,52.5C28.6,63.7,0,0,0,0 h1000c0,0-9.9,40.9-83.6,48.1S829.6,47,766.1,28.9z\"\/>\n<\/svg>\t\t<\/div>\n\t\t\t\t<div class=\"elementor-shape elementor-shape-bottom\" data-negative=\"false\">\n\t\t\t<svg xmlns=\"http:\/\/www.w3.org\/2000\/svg\" viewBox=\"0 0 1000 100\" preserveAspectRatio=\"none\">\n\t<path class=\"elementor-shape-fill\" opacity=\"0.33\" d=\"M473,67.3c-203.9,88.3-263.1-34-320.3,0C66,119.1,0,59.7,0,59.7V0h1000v59.7 c0,0-62.1,26.1-94.9,29.3c-32.8,3.3-62.8-12.3-75.8-22.1C806,49.6,745.3,8.7,694.9,4.7S492.4,59,473,67.3z\"\/>\n\t<path class=\"elementor-shape-fill\" opacity=\"0.66\" d=\"M734,67.3c-45.5,0-77.2-23.2-129.1-39.1c-28.6-8.7-150.3-10.1-254,39.1 s-91.7-34.4-149.2,0C115.7,118.3,0,39.8,0,39.8V0h1000v36.5c0,0-28.2-18.5-92.1-18.5C810.2,18.1,775.7,67.3,734,67.3z\"\/>\n\t<path class=\"elementor-shape-fill\" d=\"M766.1,28.9c-200-57.5-266,65.5-395.1,19.5C242,1.8,242,5.4,184.8,20.6C128,35.8,132.3,44.9,89.9,52.5C28.6,63.7,0,0,0,0 h1000c0,0-9.9,40.9-83.6,48.1S829.6,47,766.1,28.9z\"\/>\n<\/svg>\t\t<\/div>\n\t\t\t\t\t<div class=\"elementor-container elementor-column-gap-no\">\n\t\t\t\t\t<div class=\"elementor-column elementor-col-100 elementor-top-column elementor-element elementor-element-bead618\" data-id=\"bead618\" data-element_type=\"column\">\n\t\t\t<div class=\"elementor-widget-wrap elementor-element-populated\">\n\t\t\t\t\t\t\t\t<div class=\"elementor-element elementor-element-6e6fe09 elementor-invisible elementor-widget elementor-widget-heading\" data-id=\"6e6fe09\" data-element_type=\"widget\" data-settings=\"{&quot;_animation&quot;:&quot;fadeInDown&quot;}\" data-widget_type=\"heading.default\">\n\t\t\t\t<div class=\"elementor-widget-container\">\n\t\t\t<h2 class=\"elementor-heading-title elementor-size-default\"><span class=\"color-tit-rojo weight-tit-del\">Nuestras<\/span><br><span class=\"weight-tit-gru\">Bodegas de Navarra<\/span><\/h2>\t\t<\/div>\n\t\t\t\t<\/div>\n\t\t\t\t<div class=\"elementor-element elementor-element-2da2d6b elementor-widget elementor-widget-the7_elements\" data-id=\"2da2d6b\" data-element_type=\"widget\" data-widget_type=\"the7_elements.default\">\n\t\t\t\t<div class=\"elementor-widget-container\">\n\t\t\t<div  class=\"portfolio-shortcode the7-elementor-widget the7_elements-2da2d6b mode-masonry bottom-overlap-layout-list description-under-image meta-info-off content-bg-on resize-by-browser-width widget-with-filter loading-effect-scale-up jquery-filter lazy-loading-mode\"  data-padding=\"15px\" data-cur-page=\"1\" data-post-limit=\"10\" data-pagination-mode=\"load-more\" data-scroll-offset=\"0\" data-mobile-columns-num=\"1\" data-tablet-columns-num=\"3\" data-desktop-columns-num=\"6\" data-wide-desktop-columns-num=\"6\"><div class=\"iso-filter filter-decorations extras-off filter filter-pointer-underline filter-animation-drop-in\"><div class=\"filter-categories\" data-default-order=\"\" data-default-orderby=\"\"><a href=\"https:\/\/vinosnavarra.com\/en\/wineries-and-wine-tourism\/?term=bodegas-club-vinos-abn\" class=\"filter-item act bodegas-club-vinos-abn\" data-filter=\".category-230\">ABN Wines Club<\/a><a href=\"https:\/\/vinosnavarra.com\/en\/wineries-and-wine-tourism\/?term=bodegas-en\" class=\"filter-item bodegas-en\" data-filter=\".category-228\">Wineries<\/a><\/div><\/div><div class=\"iso-container dt-isotope custom-iso-columns\"><div class=\"visible wf-cell iso-item category-232 category-228\" data-post-id=\"34056\" data-date=\"2024-08-23T08:58:17+00:00\" data-name=\"Ar\u00ednzano\"><article class=\"post visible post-34056 dt_portfolio type-dt_portfolio status-publish has-post-thumbnail hentry dt_portfolio_category-enoturismo-en dt_portfolio_category-bodegas-en dt_portfolio_category-232 dt_portfolio_category-228 description-off\" data-name=\"Ar\u00ednzano\" data-date=\"2024-08-23T08:58:17+00:00\">\n\n\t<div class=\"post-thumbnail-wrap rollover-active\">\n\t\t<div class=\"post-thumbnail\">\n\n\t\t\t<a href=\"https:\/\/vinosnavarra.com\/en\/bodegas\/arinzano\/\" class=\"post-thumbnail-rollover layzr-bg\" aria-label=\"Post image\" rel=\"nofollow\"><img loading=\"lazy\" class=\"preload-me iso-lazy-load\" src=\"data:image\/svg+xml,%3Csvg%20xmlns%3D&#39;http%3A%2F%2Fwww.w3.org%2F2000%2Fsvg&#39;%20viewBox%3D&#39;0%200%20317%20317&#39;%2F%3E\" data-src=\"https:\/\/vinosnavarra.com\/wp-content\/uploads\/2024\/08\/Disen\u0303o-sin-ti\u0301tulo-38.png\" data-srcset=\"https:\/\/vinosnavarra.com\/wp-content\/uploads\/2024\/08\/Disen\u0303o-sin-ti\u0301tulo-38.png 317w\" alt=\"\" title=\"ar\u00ednzano\" width=\"317\" height=\"317\"  \/><\/a><div class=\"project-links-container\"><a href=\"https:\/\/vinosnavarra.com\/en\/bodegas\/arinzano\/\" class=\"project-details\" aria-label=\"Details link\" rel=\"nofollow\"><span aria-hidden=\"true\" class=\" icomoon-the7-font-the7-expand-02\"><\/span><\/a><\/div>\n\t\t<\/div>\n\t<\/div>\n\n\n<div class=\"post-entry-content\">\n\n\t<h4 class=\"ele-entry-title\"><a href=\"https:\/\/vinosnavarra.com\/en\/bodegas\/arinzano\/\" title=\"Ar\u00ednzano\" rel=\"bookmark\">Ar\u00ednzano<\/a><\/h4>\n<\/div><\/article><\/div><div class=\"visible wf-cell iso-item category-230 category-232 category-228\" data-post-id=\"32973\" data-date=\"2021-06-04T09:57:06+00:00\" data-name=\"Bodega de Sarr\u00eda\"><article class=\"post visible post-32973 dt_portfolio type-dt_portfolio status-publish has-post-thumbnail hentry dt_portfolio_category-bodegas-club-vinos-abn dt_portfolio_category-enoturismo-en dt_portfolio_category-bodegas-en dt_portfolio_category-230 dt_portfolio_category-232 dt_portfolio_category-228 description-off\" data-name=\"Bodega de Sarr\u00eda\" data-date=\"2021-06-04T09:57:06+00:00\">\n\n\t<div class=\"post-thumbnail-wrap rollover-active\">\n\t\t<div class=\"post-thumbnail\">\n\n\t\t\t<a href=\"https:\/\/vinosnavarra.com\/en\/bodegas\/bodega-de-sarria\/\" class=\"post-thumbnail-rollover layzr-bg\" aria-label=\"Post image\" rel=\"nofollow\"><img loading=\"lazy\" class=\"preload-me iso-lazy-load\" src=\"data:image\/svg+xml,%3Csvg%20xmlns%3D&#39;http%3A%2F%2Fwww.w3.org%2F2000%2Fsvg&#39;%20viewBox%3D&#39;0%200%20317%20317&#39;%2F%3E\" data-src=\"https:\/\/vinosnavarra.com\/wp-content\/uploads\/2021\/06\/19-bodegas-senorio-sarria.png\" data-srcset=\"https:\/\/vinosnavarra.com\/wp-content\/uploads\/2021\/06\/19-bodegas-senorio-sarria.png 317w\" alt=\"\" title=\"19-bodegas-senorio-sarria\" width=\"317\" height=\"317\"  \/><\/a><div class=\"project-links-container\"><a href=\"https:\/\/vinosnavarra.com\/en\/bodegas\/bodega-de-sarria\/\" class=\"project-details\" aria-label=\"Details link\" rel=\"nofollow\"><span aria-hidden=\"true\" class=\" icomoon-the7-font-the7-expand-02\"><\/span><\/a><\/div>\n\t\t<\/div>\n\t<\/div>\n\n\n<div class=\"post-entry-content\">\n\n\t<h4 class=\"ele-entry-title\"><a href=\"https:\/\/vinosnavarra.com\/en\/bodegas\/bodega-de-sarria\/\" title=\"Bodega de Sarr\u00eda\" rel=\"bookmark\">Bodega de Sarr\u00eda<\/a><\/h4>\n<\/div><\/article><\/div><div class=\"visible wf-cell iso-item category-230 category-232 category-228\" data-post-id=\"32997\" data-date=\"2021-06-04T08:07:41+00:00\" data-name=\"Bodega Inurrieta\"><article class=\"post visible post-32997 dt_portfolio type-dt_portfolio status-publish has-post-thumbnail hentry dt_portfolio_category-bodegas-club-vinos-abn dt_portfolio_category-enoturismo-en dt_portfolio_category-bodegas-en dt_portfolio_category-230 dt_portfolio_category-232 dt_portfolio_category-228 description-off\" data-name=\"Bodega Inurrieta\" data-date=\"2021-06-04T08:07:41+00:00\">\n\n\t<div class=\"post-thumbnail-wrap rollover-active\">\n\t\t<div class=\"post-thumbnail\">\n\n\t\t\t<a href=\"https:\/\/vinosnavarra.com\/en\/bodegas\/bodega-inurrieta\/\" class=\"post-thumbnail-rollover layzr-bg\" aria-label=\"Post image\" rel=\"nofollow\"><img loading=\"lazy\" class=\"preload-me iso-lazy-load\" src=\"data:image\/svg+xml,%3Csvg%20xmlns%3D&#39;http%3A%2F%2Fwww.w3.org%2F2000%2Fsvg&#39;%20viewBox%3D&#39;0%200%20317%20317&#39;%2F%3E\" data-src=\"https:\/\/vinosnavarra.com\/wp-content\/uploads\/2021\/06\/13-bodegas-inurrieta.png\" data-srcset=\"https:\/\/vinosnavarra.com\/wp-content\/uploads\/2021\/06\/13-bodegas-inurrieta.png 317w\" alt=\"\" title=\"13-bodegas-inurrieta\" width=\"317\" height=\"317\"  \/><\/a><div class=\"project-links-container\"><a href=\"https:\/\/vinosnavarra.com\/en\/bodegas\/bodega-inurrieta\/\" class=\"project-details\" aria-label=\"Details link\" rel=\"nofollow\"><span aria-hidden=\"true\" class=\" icomoon-the7-font-the7-expand-02\"><\/span><\/a><\/div>\n\t\t<\/div>\n\t<\/div>\n\n\n<div class=\"post-entry-content\">\n\n\t<h4 class=\"ele-entry-title\"><a href=\"https:\/\/vinosnavarra.com\/en\/bodegas\/bodega-inurrieta\/\" title=\"Bodega Inurrieta\" rel=\"bookmark\">Bodega Inurrieta<\/a><\/h4>\n<\/div><\/article><\/div><div class=\"visible wf-cell iso-item category-230 category-232 category-228\" data-post-id=\"33025\" data-date=\"2021-06-04T06:20:58+00:00\" data-name=\"Bodega Mal\u00f3n de Echaide\"><article class=\"post visible post-33025 dt_portfolio type-dt_portfolio status-publish has-post-thumbnail hentry dt_portfolio_category-bodegas-club-vinos-abn dt_portfolio_category-enoturismo-en dt_portfolio_category-bodegas-en dt_portfolio_category-230 dt_portfolio_category-232 dt_portfolio_category-228 description-off\" data-name=\"Bodega Mal\u00f3n de Echaide\" data-date=\"2021-06-04T06:20:58+00:00\">\n\n\t<div class=\"post-thumbnail-wrap rollover-active\">\n\t\t<div class=\"post-thumbnail\">\n\n\t\t\t<a href=\"https:\/\/vinosnavarra.com\/en\/bodegas\/bodega-malon-de-echaide\/\" class=\"post-thumbnail-rollover layzr-bg\" aria-label=\"Post image\" rel=\"nofollow\"><img loading=\"lazy\" class=\"preload-me iso-lazy-load\" src=\"data:image\/svg+xml,%3Csvg%20xmlns%3D&#39;http%3A%2F%2Fwww.w3.org%2F2000%2Fsvg&#39;%20viewBox%3D&#39;0%200%20317%20317&#39;%2F%3E\" data-src=\"https:\/\/vinosnavarra.com\/wp-content\/uploads\/2021\/06\/6-bodegas-malon-de-echaide.png\" data-srcset=\"https:\/\/vinosnavarra.com\/wp-content\/uploads\/2021\/06\/6-bodegas-malon-de-echaide.png 317w\" alt=\"\" title=\"6-bodegas-malon-de-echaide\" width=\"317\" height=\"317\"  \/><\/a><div class=\"project-links-container\"><a href=\"https:\/\/vinosnavarra.com\/en\/bodegas\/bodega-malon-de-echaide\/\" class=\"project-details\" aria-label=\"Details link\" rel=\"nofollow\"><span aria-hidden=\"true\" class=\" icomoon-the7-font-the7-expand-02\"><\/span><\/a><\/div>\n\t\t<\/div>\n\t<\/div>\n\n\n<div class=\"post-entry-content\">\n\n\t<h4 class=\"ele-entry-title\"><a href=\"https:\/\/vinosnavarra.com\/en\/bodegas\/bodega-malon-de-echaide\/\" title=\"Bodega Mal\u00f3n de Echaide\" rel=\"bookmark\">Bodega Mal\u00f3n de Echaide<\/a><\/h4>\n<\/div><\/article><\/div><div class=\"visible wf-cell iso-item category-230 category-232 category-228\" data-post-id=\"33013\" data-date=\"2021-06-04T06:59:57+00:00\" data-name=\"Bodega Otazu\"><article class=\"post visible post-33013 dt_portfolio type-dt_portfolio status-publish has-post-thumbnail hentry dt_portfolio_category-bodegas-club-vinos-abn dt_portfolio_category-enoturismo-en dt_portfolio_category-bodegas-en dt_portfolio_category-230 dt_portfolio_category-232 dt_portfolio_category-228 description-off\" data-name=\"Bodega Otazu\" data-date=\"2021-06-04T06:59:57+00:00\">\n\n\t<div class=\"post-thumbnail-wrap rollover-active\">\n\t\t<div class=\"post-thumbnail\">\n\n\t\t\t<a href=\"https:\/\/vinosnavarra.com\/en\/bodegas\/bodega-otazu\/\" class=\"post-thumbnail-rollover layzr-bg\" aria-label=\"Post image\" rel=\"nofollow\"><img loading=\"lazy\" class=\"preload-me iso-lazy-load\" src=\"data:image\/svg+xml,%3Csvg%20xmlns%3D&#39;http%3A%2F%2Fwww.w3.org%2F2000%2Fsvg&#39;%20viewBox%3D&#39;0%200%20317%20317&#39;%2F%3E\" data-src=\"https:\/\/vinosnavarra.com\/wp-content\/uploads\/2021\/06\/9-bodegas-otazu.png\" data-srcset=\"https:\/\/vinosnavarra.com\/wp-content\/uploads\/2021\/06\/9-bodegas-otazu.png 317w\" alt=\"\" title=\"9-bodegas-otazu\" width=\"317\" height=\"317\"  \/><\/a><div class=\"project-links-container\"><a href=\"https:\/\/vinosnavarra.com\/en\/bodegas\/bodega-otazu\/\" class=\"project-details\" aria-label=\"Details link\" rel=\"nofollow\"><span aria-hidden=\"true\" class=\" icomoon-the7-font-the7-expand-02\"><\/span><\/a><\/div>\n\t\t<\/div>\n\t<\/div>\n\n\n<div class=\"post-entry-content\">\n\n\t<h4 class=\"ele-entry-title\"><a href=\"https:\/\/vinosnavarra.com\/en\/bodegas\/bodega-otazu\/\" title=\"Bodega Otazu\" rel=\"bookmark\">Bodega Otazu<\/a><\/h4>\n<\/div><\/article><\/div><div class=\"visible wf-cell iso-item category-230 category-228\" data-post-id=\"32965\" data-date=\"2021-06-04T10:07:03+00:00\" data-name=\"Bodega Pago de Cirsus\"><article class=\"post visible post-32965 dt_portfolio type-dt_portfolio status-publish has-post-thumbnail hentry dt_portfolio_category-bodegas-club-vinos-abn dt_portfolio_category-bodegas-en dt_portfolio_category-230 dt_portfolio_category-228 description-off\" data-name=\"Bodega Pago de Cirsus\" data-date=\"2021-06-04T10:07:03+00:00\">\n\n\t<div class=\"post-thumbnail-wrap rollover-active\">\n\t\t<div class=\"post-thumbnail\">\n\n\t\t\t<a href=\"https:\/\/vinosnavarra.com\/en\/bodegas\/bodega-pago-de-cirsus\/\" class=\"post-thumbnail-rollover layzr-bg\" aria-label=\"Post image\" rel=\"nofollow\"><img loading=\"lazy\" class=\"preload-me iso-lazy-load\" src=\"data:image\/svg+xml,%3Csvg%20xmlns%3D&#39;http%3A%2F%2Fwww.w3.org%2F2000%2Fsvg&#39;%20viewBox%3D&#39;0%200%20317%20317&#39;%2F%3E\" data-src=\"https:\/\/vinosnavarra.com\/wp-content\/uploads\/2021\/06\/21-pago-de-cirsus.png\" data-srcset=\"https:\/\/vinosnavarra.com\/wp-content\/uploads\/2021\/06\/21-pago-de-cirsus.png 317w\" alt=\"\" title=\"21-pago-de-cirsus\" width=\"317\" height=\"317\"  \/><\/a><div class=\"project-links-container\"><a href=\"https:\/\/vinosnavarra.com\/en\/bodegas\/bodega-pago-de-cirsus\/\" class=\"project-details\" aria-label=\"Details link\" rel=\"nofollow\"><span aria-hidden=\"true\" class=\" icomoon-the7-font-the7-expand-02\"><\/span><\/a><\/div>\n\t\t<\/div>\n\t<\/div>\n\n\n<div class=\"post-entry-content\">\n\n\t<h4 class=\"ele-entry-title\"><a href=\"https:\/\/vinosnavarra.com\/en\/bodegas\/bodega-pago-de-cirsus\/\" title=\"Bodega Pago de Cirsus\" rel=\"bookmark\">Bodega Pago de Cirsus<\/a><\/h4>\n<\/div><\/article><\/div><div class=\"visible wf-cell iso-item category-230 category-232 category-228\" data-post-id=\"32953\" data-date=\"2021-06-04T11:06:14+00:00\" data-name=\"Bodegas Alconde\"><article class=\"post visible post-32953 dt_portfolio type-dt_portfolio status-publish has-post-thumbnail hentry dt_portfolio_category-bodegas-club-vinos-abn dt_portfolio_category-enoturismo-en dt_portfolio_category-bodegas-en dt_portfolio_category-230 dt_portfolio_category-232 dt_portfolio_category-228 description-off\" data-name=\"Bodegas Alconde\" data-date=\"2021-06-04T11:06:14+00:00\">\n\n\t<div class=\"post-thumbnail-wrap rollover-active\">\n\t\t<div class=\"post-thumbnail\">\n\n\t\t\t<a href=\"https:\/\/vinosnavarra.com\/en\/bodegas\/bodegas-alconde\/\" class=\"post-thumbnail-rollover layzr-bg\" aria-label=\"Post image\" rel=\"nofollow\"><img loading=\"lazy\" class=\"preload-me iso-lazy-load\" src=\"data:image\/svg+xml,%3Csvg%20xmlns%3D&#39;http%3A%2F%2Fwww.w3.org%2F2000%2Fsvg&#39;%20viewBox%3D&#39;0%200%20317%20317&#39;%2F%3E\" data-src=\"https:\/\/vinosnavarra.com\/wp-content\/uploads\/2021\/06\/24-bodegas-alconde.png\" data-srcset=\"https:\/\/vinosnavarra.com\/wp-content\/uploads\/2021\/06\/24-bodegas-alconde.png 317w\" alt=\"\" title=\"24-bodegas-alconde\" width=\"317\" height=\"317\"  \/><\/a><div class=\"project-links-container\"><a href=\"https:\/\/vinosnavarra.com\/en\/bodegas\/bodegas-alconde\/\" class=\"project-details\" aria-label=\"Details link\" rel=\"nofollow\"><span aria-hidden=\"true\" class=\" icomoon-the7-font-the7-expand-02\"><\/span><\/a><\/div>\n\t\t<\/div>\n\t<\/div>\n\n\n<div class=\"post-entry-content\">\n\n\t<h4 class=\"ele-entry-title\"><a href=\"https:\/\/vinosnavarra.com\/en\/bodegas\/bodegas-alconde\/\" title=\"Bodegas Alconde\" rel=\"bookmark\">Bodegas Alconde<\/a><\/h4>\n<\/div><\/article><\/div><div class=\"visible wf-cell iso-item category-228\" data-post-id=\"33989\" data-date=\"2024-08-21T10:38:02+00:00\" data-name=\"Bodegas Asensio\"><article class=\"post visible post-33989 dt_portfolio type-dt_portfolio status-publish has-post-thumbnail hentry dt_portfolio_category-bodegas-en dt_portfolio_category-228 description-off\" data-name=\"Bodegas Asensio\" data-date=\"2024-08-21T10:38:02+00:00\">\n\n\t<div class=\"post-thumbnail-wrap rollover-active\">\n\t\t<div class=\"post-thumbnail\">\n\n\t\t\t<a href=\"https:\/\/vinosnavarra.com\/en\/bodegas\/bodegas-asensio\/\" class=\"post-thumbnail-rollover layzr-bg\" aria-label=\"Post image\" rel=\"nofollow\"><img loading=\"lazy\" class=\"preload-me iso-lazy-load\" src=\"data:image\/svg+xml,%3Csvg%20xmlns%3D&#39;http%3A%2F%2Fwww.w3.org%2F2000%2Fsvg&#39;%20viewBox%3D&#39;0%200%20317%20317&#39;%2F%3E\" data-src=\"https:\/\/vinosnavarra.com\/wp-content\/uploads\/2024\/08\/logofooter-200x252-2.png\" data-srcset=\"https:\/\/vinosnavarra.com\/wp-content\/uploads\/2024\/08\/logofooter-200x252-2.png 317w\" alt=\"\" title=\"bodegas-asensio\" width=\"317\" height=\"317\"  \/><\/a><div class=\"project-links-container\"><a href=\"https:\/\/vinosnavarra.com\/en\/bodegas\/bodegas-asensio\/\" class=\"project-details\" aria-label=\"Details link\" rel=\"nofollow\"><span aria-hidden=\"true\" class=\" icomoon-the7-font-the7-expand-02\"><\/span><\/a><\/div>\n\t\t<\/div>\n\t<\/div>\n\n\n<div class=\"post-entry-content\">\n\n\t<h4 class=\"ele-entry-title\"><a href=\"https:\/\/vinosnavarra.com\/en\/bodegas\/bodegas-asensio\/\" title=\"Bodegas Asensio\" rel=\"bookmark\">Bodegas Asensio<\/a><\/h4>\n<\/div><\/article><\/div><div class=\"visible wf-cell iso-item category-232 category-228\" data-post-id=\"33912\" data-date=\"2024-08-21T08:18:38+00:00\" data-name=\"Bodegas Beramendi\"><article class=\"post visible post-33912 dt_portfolio type-dt_portfolio status-publish has-post-thumbnail hentry dt_portfolio_category-enoturismo-en dt_portfolio_category-bodegas-en dt_portfolio_category-232 dt_portfolio_category-228 description-off\" data-name=\"Bodegas Beramendi\" data-date=\"2024-08-21T08:18:38+00:00\">\n\n\t<div class=\"post-thumbnail-wrap rollover-active\">\n\t\t<div class=\"post-thumbnail\">\n\n\t\t\t<a href=\"https:\/\/vinosnavarra.com\/en\/bodegas\/bodegas-beramendi\/\" class=\"post-thumbnail-rollover layzr-bg\" aria-label=\"Post image\" rel=\"nofollow\"><img loading=\"lazy\" class=\"preload-me iso-lazy-load\" src=\"data:image\/svg+xml,%3Csvg%20xmlns%3D&#39;http%3A%2F%2Fwww.w3.org%2F2000%2Fsvg&#39;%20viewBox%3D&#39;0%200%20317%20317&#39;%2F%3E\" data-src=\"https:\/\/vinosnavarra.com\/wp-content\/uploads\/2021\/06\/bodegas-beramendi-logo.jpeg\" data-srcset=\"https:\/\/vinosnavarra.com\/wp-content\/uploads\/2021\/06\/bodegas-beramendi-logo.jpeg 317w\" alt=\"\" title=\"bodegas-beramendi\" width=\"317\" height=\"317\"  \/><\/a><div class=\"project-links-container\"><a href=\"https:\/\/vinosnavarra.com\/en\/bodegas\/bodegas-beramendi\/\" class=\"project-details\" aria-label=\"Details link\" rel=\"nofollow\"><span aria-hidden=\"true\" class=\" icomoon-the7-font-the7-expand-02\"><\/span><\/a><\/div>\n\t\t<\/div>\n\t<\/div>\n\n\n<div class=\"post-entry-content\">\n\n\t<h4 class=\"ele-entry-title\"><a href=\"https:\/\/vinosnavarra.com\/en\/bodegas\/bodegas-beramendi\/\" title=\"Bodegas Beramendi\" rel=\"bookmark\">Bodegas Beramendi<\/a><\/h4>\n<\/div><\/article><\/div><div class=\"visible wf-cell iso-item category-228\" data-post-id=\"33005\" data-date=\"2021-06-04T07:24:56+00:00\" data-name=\"Bodegas Campos de Enanzo\"><article class=\"post visible post-33005 dt_portfolio type-dt_portfolio status-publish has-post-thumbnail hentry dt_portfolio_category-bodegas-en dt_portfolio_category-228 description-off\" data-name=\"Bodegas Campos de Enanzo\" data-date=\"2021-06-04T07:24:56+00:00\">\n\n\t<div class=\"post-thumbnail-wrap rollover-active\">\n\t\t<div class=\"post-thumbnail\">\n\n\t\t\t<a href=\"https:\/\/vinosnavarra.com\/en\/bodegas\/bodegas-campos-de-enanzo\/\" class=\"post-thumbnail-rollover layzr-bg\" aria-label=\"Post image\" rel=\"nofollow\"><img loading=\"lazy\" class=\"preload-me iso-lazy-load\" src=\"data:image\/svg+xml,%3Csvg%20xmlns%3D&#39;http%3A%2F%2Fwww.w3.org%2F2000%2Fsvg&#39;%20viewBox%3D&#39;0%200%20317%20317&#39;%2F%3E\" data-src=\"https:\/\/vinosnavarra.com\/wp-content\/uploads\/2021\/06\/11-bodegas-campos-de-enanzo.png\" data-srcset=\"https:\/\/vinosnavarra.com\/wp-content\/uploads\/2021\/06\/11-bodegas-campos-de-enanzo.png 317w\" alt=\"\" title=\"11-bodegas-campos-de-enanzo\" width=\"317\" height=\"317\"  \/><\/a><div class=\"project-links-container\"><a href=\"https:\/\/vinosnavarra.com\/en\/bodegas\/bodegas-campos-de-enanzo\/\" class=\"project-details\" aria-label=\"Details link\" rel=\"nofollow\"><span aria-hidden=\"true\" class=\" icomoon-the7-font-the7-expand-02\"><\/span><\/a><\/div>\n\t\t<\/div>\n\t<\/div>\n\n\n<div class=\"post-entry-content\">\n\n\t<h4 class=\"ele-entry-title\"><a href=\"https:\/\/vinosnavarra.com\/en\/bodegas\/bodegas-campos-de-enanzo\/\" title=\"Bodegas Campos de Enanzo\" rel=\"bookmark\">Bodegas Campos de Enanzo<\/a><\/h4>\n<\/div><\/article><\/div><div class=\"hidden wf-cell iso-item category-230 category-232 category-228\" data-post-id=\"33017\" data-date=\"2021-06-04T06:53:21+00:00\" data-name=\"Bodegas Castillo de Monjardin\"><article class=\"post visible post-33017 dt_portfolio type-dt_portfolio status-publish has-post-thumbnail hentry dt_portfolio_category-bodegas-club-vinos-abn dt_portfolio_category-enoturismo-en dt_portfolio_category-bodegas-en dt_portfolio_category-230 dt_portfolio_category-232 dt_portfolio_category-228 description-off\" data-name=\"Bodegas Castillo de Monjardin\" data-date=\"2021-06-04T06:53:21+00:00\">\n\n\t<div class=\"post-thumbnail-wrap rollover-active\">\n\t\t<div class=\"post-thumbnail\">\n\n\t\t\t<a href=\"https:\/\/vinosnavarra.com\/en\/bodegas\/bodegas-castillo-de-monjardin\/\" class=\"post-thumbnail-rollover layzr-bg\" aria-label=\"Post image\" rel=\"nofollow\"><img loading=\"lazy\" class=\"preload-me iso-lazy-load\" src=\"data:image\/svg+xml,%3Csvg%20xmlns%3D&#39;http%3A%2F%2Fwww.w3.org%2F2000%2Fsvg&#39;%20viewBox%3D&#39;0%200%20317%20317&#39;%2F%3E\" data-src=\"https:\/\/vinosnavarra.com\/wp-content\/uploads\/2021\/06\/8-bodegas-castillo-de-monjardin.png\" data-srcset=\"https:\/\/vinosnavarra.com\/wp-content\/uploads\/2021\/06\/8-bodegas-castillo-de-monjardin.png 317w\" alt=\"\" title=\"8-bodegas-castillo-de-monjardin\" width=\"317\" height=\"317\"  \/><\/a><div class=\"project-links-container\"><a href=\"https:\/\/vinosnavarra.com\/en\/bodegas\/bodegas-castillo-de-monjardin\/\" class=\"project-details\" aria-label=\"Details link\" rel=\"nofollow\"><span aria-hidden=\"true\" class=\" icomoon-the7-font-the7-expand-02\"><\/span><\/a><\/div>\n\t\t<\/div>\n\t<\/div>\n\n\n<div class=\"post-entry-content\">\n\n\t<h4 class=\"ele-entry-title\"><a href=\"https:\/\/vinosnavarra.com\/en\/bodegas\/bodegas-castillo-de-monjardin\/\" title=\"Bodegas Castillo de Monjardin\" rel=\"bookmark\">Bodegas Castillo de Monjardin<\/a><\/h4>\n<\/div><\/article><\/div><div class=\"hidden wf-cell iso-item category-232 category-228\" data-post-id=\"32957\" data-date=\"2021-06-04T10:26:09+00:00\" data-name=\"Bodegas Caudal\u00eda\"><article class=\"post visible post-32957 dt_portfolio type-dt_portfolio status-publish has-post-thumbnail hentry dt_portfolio_category-enoturismo-en dt_portfolio_category-bodegas-en dt_portfolio_category-232 dt_portfolio_category-228 description-off\" data-name=\"Bodegas Caudal\u00eda\" data-date=\"2021-06-04T10:26:09+00:00\">\n\n\t<div class=\"post-thumbnail-wrap rollover-active\">\n\t\t<div class=\"post-thumbnail\">\n\n\t\t\t<a href=\"https:\/\/vinosnavarra.com\/en\/bodegas\/domaines-lupier\/\" class=\"post-thumbnail-rollover layzr-bg\" aria-label=\"Post image\" rel=\"nofollow\"><img loading=\"lazy\" class=\"preload-me iso-lazy-load\" src=\"data:image\/svg+xml,%3Csvg%20xmlns%3D&#39;http%3A%2F%2Fwww.w3.org%2F2000%2Fsvg&#39;%20viewBox%3D&#39;0%200%20317%20317&#39;%2F%3E\" data-src=\"https:\/\/vinosnavarra.com\/wp-content\/uploads\/2021\/06\/Caudalia.png\" data-srcset=\"https:\/\/vinosnavarra.com\/wp-content\/uploads\/2021\/06\/Caudalia.png 317w\" alt=\"\" title=\"23-bodegas-caudalia\" width=\"317\" height=\"317\"  \/><\/a><div class=\"project-links-container\"><a href=\"https:\/\/vinosnavarra.com\/en\/bodegas\/domaines-lupier\/\" class=\"project-details\" aria-label=\"Details link\" rel=\"nofollow\"><span aria-hidden=\"true\" class=\" icomoon-the7-font-the7-expand-02\"><\/span><\/a><\/div>\n\t\t<\/div>\n\t<\/div>\n\n\n<div class=\"post-entry-content\">\n\n\t<h4 class=\"ele-entry-title\"><a href=\"https:\/\/vinosnavarra.com\/en\/bodegas\/domaines-lupier\/\" title=\"Bodegas Caudal\u00eda\" rel=\"bookmark\">Bodegas Caudal\u00eda<\/a><\/h4>\n<\/div><\/article><\/div><div class=\"hidden wf-cell iso-item category-230 category-228\" data-post-id=\"32961\" data-date=\"2021-06-04T10:18:45+00:00\" data-name=\"Bodegas Escudero\"><article class=\"post visible post-32961 dt_portfolio type-dt_portfolio status-publish has-post-thumbnail hentry dt_portfolio_category-bodegas-club-vinos-abn dt_portfolio_category-bodegas-en dt_portfolio_category-230 dt_portfolio_category-228 description-off\" data-name=\"Bodegas Escudero\" data-date=\"2021-06-04T10:18:45+00:00\">\n\n\t<div class=\"post-thumbnail-wrap rollover-active\">\n\t\t<div class=\"post-thumbnail\">\n\n\t\t\t<a href=\"https:\/\/vinosnavarra.com\/en\/bodegas\/bodegas-escudero\/\" class=\"post-thumbnail-rollover layzr-bg\" aria-label=\"Post image\" rel=\"nofollow\"><img loading=\"lazy\" class=\"preload-me iso-lazy-load\" src=\"data:image\/svg+xml,%3Csvg%20xmlns%3D&#39;http%3A%2F%2Fwww.w3.org%2F2000%2Fsvg&#39;%20viewBox%3D&#39;0%200%20317%20317&#39;%2F%3E\" data-src=\"https:\/\/vinosnavarra.com\/wp-content\/uploads\/2021\/06\/22-bodegas-hacienda-logos.png\" data-srcset=\"https:\/\/vinosnavarra.com\/wp-content\/uploads\/2021\/06\/22-bodegas-hacienda-logos.png 317w\" alt=\"\" title=\"22-bodegas-hacienda-logos\" width=\"317\" height=\"317\"  \/><\/a><div class=\"project-links-container\"><a href=\"https:\/\/vinosnavarra.com\/en\/bodegas\/bodegas-escudero\/\" class=\"project-details\" aria-label=\"Details link\" rel=\"nofollow\"><span aria-hidden=\"true\" class=\" icomoon-the7-font-the7-expand-02\"><\/span><\/a><\/div>\n\t\t<\/div>\n\t<\/div>\n\n\n<div class=\"post-entry-content\">\n\n\t<h4 class=\"ele-entry-title\"><a href=\"https:\/\/vinosnavarra.com\/en\/bodegas\/bodegas-escudero\/\" title=\"Bodegas Escudero\" rel=\"bookmark\">Bodegas Escudero<\/a><\/h4>\n<\/div><\/article><\/div><div class=\"hidden wf-cell iso-item category-232 category-228\" data-post-id=\"33045\" data-date=\"2021-05-19T09:40:54+00:00\" data-name=\"Bodegas Gran Feudo\"><article class=\"post visible post-33045 dt_portfolio type-dt_portfolio status-publish has-post-thumbnail hentry dt_portfolio_category-enoturismo-en dt_portfolio_category-bodegas-en dt_portfolio_category-232 dt_portfolio_category-228 description-off\" data-name=\"Bodegas Gran Feudo\" data-date=\"2021-05-19T09:40:54+00:00\">\n\n\t<div class=\"post-thumbnail-wrap rollover-active\">\n\t\t<div class=\"post-thumbnail\">\n\n\t\t\t<a href=\"https:\/\/vinosnavarra.com\/en\/bodegas\/bodegas-gran-feudo\/\" class=\"post-thumbnail-rollover layzr-bg\" aria-label=\"Post image\" rel=\"nofollow\"><img loading=\"lazy\" class=\"preload-me iso-lazy-load\" src=\"data:image\/svg+xml,%3Csvg%20xmlns%3D&#39;http%3A%2F%2Fwww.w3.org%2F2000%2Fsvg&#39;%20viewBox%3D&#39;0%200%20317%20317&#39;%2F%3E\" data-src=\"https:\/\/vinosnavarra.com\/wp-content\/uploads\/2021\/05\/1-gran-feudo.png\" data-srcset=\"https:\/\/vinosnavarra.com\/wp-content\/uploads\/2021\/05\/1-gran-feudo.png 317w\" alt=\"\" title=\"1-gran-feudo\" width=\"317\" height=\"317\"  \/><\/a><div class=\"project-links-container\"><a href=\"https:\/\/vinosnavarra.com\/en\/bodegas\/bodegas-gran-feudo\/\" class=\"project-details\" aria-label=\"Details link\" rel=\"nofollow\"><span aria-hidden=\"true\" class=\" icomoon-the7-font-the7-expand-02\"><\/span><\/a><\/div>\n\t\t<\/div>\n\t<\/div>\n\n\n<div class=\"post-entry-content\">\n\n\t<h4 class=\"ele-entry-title\"><a href=\"https:\/\/vinosnavarra.com\/en\/bodegas\/bodegas-gran-feudo\/\" title=\"Bodegas Gran Feudo\" rel=\"bookmark\">Bodegas Gran Feudo<\/a><\/h4>\n<\/div><\/article><\/div><div class=\"hidden wf-cell iso-item category-230 category-232 category-228\" data-post-id=\"33001\" data-date=\"2021-06-04T07:54:05+00:00\" data-name=\"Bodegas Irache\"><article class=\"post visible post-33001 dt_portfolio type-dt_portfolio status-publish has-post-thumbnail hentry dt_portfolio_category-bodegas-club-vinos-abn dt_portfolio_category-enoturismo-en dt_portfolio_category-bodegas-en dt_portfolio_category-230 dt_portfolio_category-232 dt_portfolio_category-228 description-off\" data-name=\"Bodegas Irache\" data-date=\"2021-06-04T07:54:05+00:00\">\n\n\t<div class=\"post-thumbnail-wrap rollover-active\">\n\t\t<div class=\"post-thumbnail\">\n\n\t\t\t<a href=\"https:\/\/vinosnavarra.com\/en\/bodegas\/bodegas-irache\/\" class=\"post-thumbnail-rollover layzr-bg\" aria-label=\"Post image\" rel=\"nofollow\"><img loading=\"lazy\" class=\"preload-me iso-lazy-load\" src=\"data:image\/svg+xml,%3Csvg%20xmlns%3D&#39;http%3A%2F%2Fwww.w3.org%2F2000%2Fsvg&#39;%20viewBox%3D&#39;0%200%20317%20317&#39;%2F%3E\" data-src=\"https:\/\/vinosnavarra.com\/wp-content\/uploads\/2021\/06\/12-bodegas-irache.png\" data-srcset=\"https:\/\/vinosnavarra.com\/wp-content\/uploads\/2021\/06\/12-bodegas-irache.png 317w\" alt=\"\" title=\"12-bodegas-irache\" width=\"317\" height=\"317\"  \/><\/a><div class=\"project-links-container\"><a href=\"https:\/\/vinosnavarra.com\/en\/bodegas\/bodegas-irache\/\" class=\"project-details\" aria-label=\"Details link\" rel=\"nofollow\"><span aria-hidden=\"true\" class=\" icomoon-the7-font-the7-expand-02\"><\/span><\/a><\/div>\n\t\t<\/div>\n\t<\/div>\n\n\n<div class=\"post-entry-content\">\n\n\t<h4 class=\"ele-entry-title\"><a href=\"https:\/\/vinosnavarra.com\/en\/bodegas\/bodegas-irache\/\" title=\"Bodegas Irache\" rel=\"bookmark\">Bodegas Irache<\/a><\/h4>\n<\/div><\/article><\/div><div class=\"hidden wf-cell iso-item category-228\" data-post-id=\"33037\" data-date=\"2021-06-03T13:16:09+00:00\" data-name=\"Bodegas Marco Real\"><article class=\"post visible post-33037 dt_portfolio type-dt_portfolio status-publish has-post-thumbnail hentry dt_portfolio_category-bodegas-en dt_portfolio_category-228 description-off\" data-name=\"Bodegas Marco Real\" data-date=\"2021-06-03T13:16:09+00:00\">\n\n\t<div class=\"post-thumbnail-wrap rollover-active\">\n\t\t<div class=\"post-thumbnail\">\n\n\t\t\t<a href=\"https:\/\/vinosnavarra.com\/en\/bodegas\/bodegas-marco-real\/\" class=\"post-thumbnail-rollover layzr-bg\" aria-label=\"Post image\" rel=\"nofollow\"><img loading=\"lazy\" class=\"preload-me iso-lazy-load\" src=\"data:image\/svg+xml,%3Csvg%20xmlns%3D&#39;http%3A%2F%2Fwww.w3.org%2F2000%2Fsvg&#39;%20viewBox%3D&#39;0%200%20317%20317&#39;%2F%3E\" data-src=\"https:\/\/vinosnavarra.com\/wp-content\/uploads\/2021\/06\/3-marco-real.png\" data-srcset=\"https:\/\/vinosnavarra.com\/wp-content\/uploads\/2021\/06\/3-marco-real.png 317w\" alt=\"\" title=\"3-marco-real\" width=\"317\" height=\"317\"  \/><\/a><div class=\"project-links-container\"><a href=\"https:\/\/vinosnavarra.com\/en\/bodegas\/bodegas-marco-real\/\" class=\"project-details\" aria-label=\"Details link\" rel=\"nofollow\"><span aria-hidden=\"true\" class=\" icomoon-the7-font-the7-expand-02\"><\/span><\/a><\/div>\n\t\t<\/div>\n\t<\/div>\n\n\n<div class=\"post-entry-content\">\n\n\t<h4 class=\"ele-entry-title\"><a href=\"https:\/\/vinosnavarra.com\/en\/bodegas\/bodegas-marco-real\/\" title=\"Bodegas Marco Real\" rel=\"bookmark\">Bodegas Marco Real<\/a><\/h4>\n<\/div><\/article><\/div><div class=\"hidden wf-cell iso-item category-230 category-232 category-228\" data-post-id=\"33033\" data-date=\"2021-06-04T05:59:04+00:00\" data-name=\"Bodegas Ochoa\"><article class=\"post visible post-33033 dt_portfolio type-dt_portfolio status-publish has-post-thumbnail hentry dt_portfolio_category-bodegas-club-vinos-abn dt_portfolio_category-enoturismo-en dt_portfolio_category-bodegas-en dt_portfolio_category-230 dt_portfolio_category-232 dt_portfolio_category-228 description-off\" data-name=\"Bodegas Ochoa\" data-date=\"2021-06-04T05:59:04+00:00\">\n\n\t<div class=\"post-thumbnail-wrap rollover-active\">\n\t\t<div class=\"post-thumbnail\">\n\n\t\t\t<a href=\"https:\/\/vinosnavarra.com\/en\/bodegas\/bodegas-ochoa\/\" class=\"post-thumbnail-rollover layzr-bg\" aria-label=\"Post image\" rel=\"nofollow\"><img loading=\"lazy\" class=\"preload-me iso-lazy-load\" src=\"data:image\/svg+xml,%3Csvg%20xmlns%3D&#39;http%3A%2F%2Fwww.w3.org%2F2000%2Fsvg&#39;%20viewBox%3D&#39;0%200%20317%20317&#39;%2F%3E\" data-src=\"https:\/\/vinosnavarra.com\/wp-content\/uploads\/2021\/06\/4-bodegas-ochoa-ABN.png\" data-srcset=\"https:\/\/vinosnavarra.com\/wp-content\/uploads\/2021\/06\/4-bodegas-ochoa-ABN.png 317w\" alt=\"\" title=\"4-bodegas-ochoa-ABN\" width=\"317\" height=\"317\"  \/><\/a><div class=\"project-links-container\"><a href=\"https:\/\/vinosnavarra.com\/en\/bodegas\/bodegas-ochoa\/\" class=\"project-details\" aria-label=\"Details link\" rel=\"nofollow\"><span aria-hidden=\"true\" class=\" icomoon-the7-font-the7-expand-02\"><\/span><\/a><\/div>\n\t\t<\/div>\n\t<\/div>\n\n\n<div class=\"post-entry-content\">\n\n\t<h4 class=\"ele-entry-title\"><a href=\"https:\/\/vinosnavarra.com\/en\/bodegas\/bodegas-ochoa\/\" title=\"Bodegas Ochoa\" rel=\"bookmark\">Bodegas Ochoa<\/a><\/h4>\n<\/div><\/article><\/div><div class=\"hidden wf-cell iso-item category-232 category-228\" data-post-id=\"32969\" data-date=\"2021-06-04T10:05:16+00:00\" data-name=\"Bodegas Pagos de Araiz\"><article class=\"post visible post-32969 dt_portfolio type-dt_portfolio status-publish has-post-thumbnail hentry dt_portfolio_category-enoturismo-en dt_portfolio_category-bodegas-en dt_portfolio_category-232 dt_portfolio_category-228 description-off\" data-name=\"Bodegas Pagos de Araiz\" data-date=\"2021-06-04T10:05:16+00:00\">\n\n\t<div class=\"post-thumbnail-wrap rollover-active\">\n\t\t<div class=\"post-thumbnail\">\n\n\t\t\t<a href=\"https:\/\/vinosnavarra.com\/en\/bodegas\/bodegas-pagos-de-araiz\/\" class=\"post-thumbnail-rollover layzr-bg\" aria-label=\"Post image\" rel=\"nofollow\"><img loading=\"lazy\" class=\"preload-me iso-lazy-load\" src=\"data:image\/svg+xml,%3Csvg%20xmlns%3D&#39;http%3A%2F%2Fwww.w3.org%2F2000%2Fsvg&#39;%20viewBox%3D&#39;0%200%20317%20317&#39;%2F%3E\" data-src=\"https:\/\/vinosnavarra.com\/wp-content\/uploads\/2021\/06\/20-pagos-de-araiz.png\" data-srcset=\"https:\/\/vinosnavarra.com\/wp-content\/uploads\/2021\/06\/20-pagos-de-araiz.png 317w\" alt=\"\" title=\"20-pagos-de-araiz\" width=\"317\" height=\"317\"  \/><\/a><div class=\"project-links-container\"><a href=\"https:\/\/vinosnavarra.com\/en\/bodegas\/bodegas-pagos-de-araiz\/\" class=\"project-details\" aria-label=\"Details link\" rel=\"nofollow\"><span aria-hidden=\"true\" class=\" icomoon-the7-font-the7-expand-02\"><\/span><\/a><\/div>\n\t\t<\/div>\n\t<\/div>\n\n\n<div class=\"post-entry-content\">\n\n\t<h4 class=\"ele-entry-title\"><a href=\"https:\/\/vinosnavarra.com\/en\/bodegas\/bodegas-pagos-de-araiz\/\" title=\"Bodegas Pagos de Araiz\" rel=\"bookmark\">Bodegas Pagos de Araiz<\/a><\/h4>\n<\/div><\/article><\/div><div class=\"hidden wf-cell iso-item category-232 category-228\" data-post-id=\"33021\" data-date=\"2021-06-04T06:46:31+00:00\" data-name=\"Bodegas Piedemonte\"><article class=\"post visible post-33021 dt_portfolio type-dt_portfolio status-publish has-post-thumbnail hentry dt_portfolio_category-enoturismo-en dt_portfolio_category-bodegas-en dt_portfolio_category-232 dt_portfolio_category-228 description-off\" data-name=\"Bodegas Piedemonte\" data-date=\"2021-06-04T06:46:31+00:00\">\n\n\t<div class=\"post-thumbnail-wrap rollover-active\">\n\t\t<div class=\"post-thumbnail\">\n\n\t\t\t<a href=\"https:\/\/vinosnavarra.com\/en\/bodegas\/bodegas-piedemonte\/\" class=\"post-thumbnail-rollover layzr-bg\" aria-label=\"Post image\" rel=\"nofollow\"><img loading=\"lazy\" class=\"preload-me iso-lazy-load\" src=\"data:image\/svg+xml,%3Csvg%20xmlns%3D&#39;http%3A%2F%2Fwww.w3.org%2F2000%2Fsvg&#39;%20viewBox%3D&#39;0%200%20317%20317&#39;%2F%3E\" data-src=\"https:\/\/vinosnavarra.com\/wp-content\/uploads\/2021\/06\/7-bodegas-piedemonte.png\" data-srcset=\"https:\/\/vinosnavarra.com\/wp-content\/uploads\/2021\/06\/7-bodegas-piedemonte.png 317w\" alt=\"\" title=\"7-bodegas-piedemonte\" width=\"317\" height=\"317\"  \/><\/a><div class=\"project-links-container\"><a href=\"https:\/\/vinosnavarra.com\/en\/bodegas\/bodegas-piedemonte\/\" class=\"project-details\" aria-label=\"Details link\" rel=\"nofollow\"><span aria-hidden=\"true\" class=\" icomoon-the7-font-the7-expand-02\"><\/span><\/a><\/div>\n\t\t<\/div>\n\t<\/div>\n\n\n<div class=\"post-entry-content\">\n\n\t<h4 class=\"ele-entry-title\"><a href=\"https:\/\/vinosnavarra.com\/en\/bodegas\/bodegas-piedemonte\/\" title=\"Bodegas Piedemonte\" rel=\"bookmark\">Bodegas Piedemonte<\/a><\/h4>\n<\/div><\/article><\/div><div class=\"hidden wf-cell iso-item category-230 category-232 category-228\" data-post-id=\"33041\" data-date=\"2021-06-03T12:46:45+00:00\" data-name=\"Bodegas Pr\u00edncipe de Viana\"><article class=\"post visible post-33041 dt_portfolio type-dt_portfolio status-publish has-post-thumbnail hentry dt_portfolio_category-bodegas-club-vinos-abn dt_portfolio_category-enoturismo-en dt_portfolio_category-bodegas-en dt_portfolio_category-230 dt_portfolio_category-232 dt_portfolio_category-228 description-off\" data-name=\"Bodegas Pr\u00edncipe de Viana\" data-date=\"2021-06-03T12:46:45+00:00\">\n\n\t<div class=\"post-thumbnail-wrap rollover-active\">\n\t\t<div class=\"post-thumbnail\">\n\n\t\t\t<a href=\"https:\/\/vinosnavarra.com\/en\/bodegas\/bodegas-principe-de-viana\/\" class=\"post-thumbnail-rollover layzr-bg\" aria-label=\"Post image\" rel=\"nofollow\"><img loading=\"lazy\" class=\"preload-me iso-lazy-load\" src=\"data:image\/svg+xml,%3Csvg%20xmlns%3D&#39;http%3A%2F%2Fwww.w3.org%2F2000%2Fsvg&#39;%20viewBox%3D&#39;0%200%20317%20317&#39;%2F%3E\" data-src=\"https:\/\/vinosnavarra.com\/wp-content\/uploads\/2021\/06\/2-principe-de-viana.png\" data-srcset=\"https:\/\/vinosnavarra.com\/wp-content\/uploads\/2021\/06\/2-principe-de-viana.png 317w\" alt=\"\" title=\"2-principe-de-viana\" width=\"317\" height=\"317\"  \/><\/a><div class=\"project-links-container\"><a href=\"https:\/\/vinosnavarra.com\/en\/bodegas\/bodegas-principe-de-viana\/\" class=\"project-details\" aria-label=\"Details link\" rel=\"nofollow\"><span aria-hidden=\"true\" class=\" icomoon-the7-font-the7-expand-02\"><\/span><\/a><\/div>\n\t\t<\/div>\n\t<\/div>\n\n\n<div class=\"post-entry-content\">\n\n\t<h4 class=\"ele-entry-title\"><a href=\"https:\/\/vinosnavarra.com\/en\/bodegas\/bodegas-principe-de-viana\/\" title=\"Bodegas Pr\u00edncipe de Viana\" rel=\"bookmark\">Bodegas Pr\u00edncipe de Viana<\/a><\/h4>\n<\/div><\/article><\/div><div class=\"hidden wf-cell iso-item category-232 category-228\" data-post-id=\"33935\" data-date=\"2024-08-21T09:00:29+00:00\" data-name=\"Bodegas y vi\u00f1edos Alzania\"><article class=\"post visible post-33935 dt_portfolio type-dt_portfolio status-publish has-post-thumbnail hentry dt_portfolio_category-enoturismo-en dt_portfolio_category-bodegas-en dt_portfolio_category-232 dt_portfolio_category-228 description-off\" data-name=\"Bodegas y vi\u00f1edos Alzania\" data-date=\"2024-08-21T09:00:29+00:00\">\n\n\t<div class=\"post-thumbnail-wrap rollover-active\">\n\t\t<div class=\"post-thumbnail\">\n\n\t\t\t<a href=\"https:\/\/vinosnavarra.com\/en\/bodegas\/bodegas-y-vinedos-alzania\/\" class=\"post-thumbnail-rollover layzr-bg\" aria-label=\"Post image\" rel=\"nofollow\"><img loading=\"lazy\" class=\"preload-me iso-lazy-load\" src=\"data:image\/svg+xml,%3Csvg%20xmlns%3D&#39;http%3A%2F%2Fwww.w3.org%2F2000%2Fsvg&#39;%20viewBox%3D&#39;0%200%20317%20317&#39;%2F%3E\" data-src=\"https:\/\/vinosnavarra.com\/wp-content\/uploads\/2024\/08\/Disen\u0303o-sin-ti\u0301tulo-33.png\" data-srcset=\"https:\/\/vinosnavarra.com\/wp-content\/uploads\/2024\/08\/Disen\u0303o-sin-ti\u0301tulo-33.png 317w\" alt=\"\" title=\"bodegas-alzania\" width=\"317\" height=\"317\"  \/><\/a><div class=\"project-links-container\"><a href=\"https:\/\/vinosnavarra.com\/en\/bodegas\/bodegas-y-vinedos-alzania\/\" class=\"project-details\" aria-label=\"Details link\" rel=\"nofollow\"><span aria-hidden=\"true\" class=\" icomoon-the7-font-the7-expand-02\"><\/span><\/a><\/div>\n\t\t<\/div>\n\t<\/div>\n\n\n<div class=\"post-entry-content\">\n\n\t<h4 class=\"ele-entry-title\"><a href=\"https:\/\/vinosnavarra.com\/en\/bodegas\/bodegas-y-vinedos-alzania\/\" title=\"Bodegas y vi\u00f1edos Alzania\" rel=\"bookmark\">Bodegas y vi\u00f1edos Alzania<\/a><\/h4>\n<\/div><\/article><\/div><div class=\"hidden wf-cell iso-item category-230 category-232 category-228\" data-post-id=\"33029\" data-date=\"2021-06-04T06:17:46+00:00\" data-name=\"Bodegas y Vi\u00f1edos Nekeas\"><article class=\"post visible post-33029 dt_portfolio type-dt_portfolio status-publish has-post-thumbnail hentry dt_portfolio_category-bodegas-club-vinos-abn dt_portfolio_category-enoturismo-en dt_portfolio_category-bodegas-en dt_portfolio_category-230 dt_portfolio_category-232 dt_portfolio_category-228 description-off\" data-name=\"Bodegas y Vi\u00f1edos Nekeas\" data-date=\"2021-06-04T06:17:46+00:00\">\n\n\t<div class=\"post-thumbnail-wrap rollover-active\">\n\t\t<div class=\"post-thumbnail\">\n\n\t\t\t<a href=\"https:\/\/vinosnavarra.com\/en\/bodegas\/bodegas-y-vinedos-nekeas\/\" class=\"post-thumbnail-rollover layzr-bg\" aria-label=\"Post image\" rel=\"nofollow\"><img loading=\"lazy\" class=\"preload-me iso-lazy-load\" src=\"data:image\/svg+xml,%3Csvg%20xmlns%3D&#39;http%3A%2F%2Fwww.w3.org%2F2000%2Fsvg&#39;%20viewBox%3D&#39;0%200%20317%20317&#39;%2F%3E\" data-src=\"https:\/\/vinosnavarra.com\/wp-content\/uploads\/2021\/06\/5-nekeas.png\" data-srcset=\"https:\/\/vinosnavarra.com\/wp-content\/uploads\/2021\/06\/5-nekeas.png 317w\" alt=\"\" title=\"5-nekeas\" width=\"317\" height=\"317\"  \/><\/a><div class=\"project-links-container\"><a href=\"https:\/\/vinosnavarra.com\/en\/bodegas\/bodegas-y-vinedos-nekeas\/\" class=\"project-details\" aria-label=\"Details link\" rel=\"nofollow\"><span aria-hidden=\"true\" class=\" icomoon-the7-font-the7-expand-02\"><\/span><\/a><\/div>\n\t\t<\/div>\n\t<\/div>\n\n\n<div class=\"post-entry-content\">\n\n\t<h4 class=\"ele-entry-title\"><a href=\"https:\/\/vinosnavarra.com\/en\/bodegas\/bodegas-y-vinedos-nekeas\/\" title=\"Bodegas y Vi\u00f1edos Nekeas\" rel=\"bookmark\">Bodegas y Vi\u00f1edos Nekeas<\/a><\/h4>\n<\/div><\/article><\/div><div class=\"hidden wf-cell iso-item category-230 category-232 category-228\" data-post-id=\"32985\" data-date=\"2021-06-04T09:30:11+00:00\" data-name=\"Compa\u00f1\u00eda Vitivin\u00edcola Tandem\"><article class=\"post visible post-32985 dt_portfolio type-dt_portfolio status-publish has-post-thumbnail hentry dt_portfolio_category-bodegas-club-vinos-abn dt_portfolio_category-enoturismo-en dt_portfolio_category-bodegas-en dt_portfolio_category-230 dt_portfolio_category-232 dt_portfolio_category-228 description-off\" data-name=\"Compa\u00f1\u00eda Vitivin\u00edcola Tandem\" data-date=\"2021-06-04T09:30:11+00:00\">\n\n\t<div class=\"post-thumbnail-wrap rollover-active\">\n\t\t<div class=\"post-thumbnail\">\n\n\t\t\t<a href=\"https:\/\/vinosnavarra.com\/en\/bodegas\/compania-vitivinicola-tandem\/\" class=\"post-thumbnail-rollover layzr-bg\" aria-label=\"Post image\" rel=\"nofollow\"><img loading=\"lazy\" class=\"preload-me iso-lazy-load\" src=\"data:image\/svg+xml,%3Csvg%20xmlns%3D&#39;http%3A%2F%2Fwww.w3.org%2F2000%2Fsvg&#39;%20viewBox%3D&#39;0%200%20317%20317&#39;%2F%3E\" data-src=\"https:\/\/vinosnavarra.com\/wp-content\/uploads\/2021\/06\/16-bodegas-tandem.png\" data-srcset=\"https:\/\/vinosnavarra.com\/wp-content\/uploads\/2021\/06\/16-bodegas-tandem.png 317w\" alt=\"\" title=\"16-bodegas-tandem\" width=\"317\" height=\"317\"  \/><\/a><div class=\"project-links-container\"><a href=\"https:\/\/vinosnavarra.com\/en\/bodegas\/compania-vitivinicola-tandem\/\" class=\"project-details\" aria-label=\"Details link\" rel=\"nofollow\"><span aria-hidden=\"true\" class=\" icomoon-the7-font-the7-expand-02\"><\/span><\/a><\/div>\n\t\t<\/div>\n\t<\/div>\n\n\n<div class=\"post-entry-content\">\n\n\t<h4 class=\"ele-entry-title\"><a href=\"https:\/\/vinosnavarra.com\/en\/bodegas\/compania-vitivinicola-tandem\/\" title=\"Compa\u00f1\u00eda Vitivin\u00edcola Tandem\" rel=\"bookmark\">Compa\u00f1\u00eda Vitivin\u00edcola Tandem<\/a><\/h4>\n<\/div><\/article><\/div><div class=\"hidden wf-cell iso-item category-228\" data-post-id=\"34025\" data-date=\"2024-08-21T11:29:10+00:00\" data-name=\"Finca Albret\"><article class=\"post visible post-34025 dt_portfolio type-dt_portfolio status-publish has-post-thumbnail hentry dt_portfolio_category-bodegas-en dt_portfolio_category-228 description-off\" data-name=\"Finca Albret\" data-date=\"2024-08-21T11:29:10+00:00\">\n\n\t<div class=\"post-thumbnail-wrap rollover-active\">\n\t\t<div class=\"post-thumbnail\">\n\n\t\t\t<a href=\"https:\/\/vinosnavarra.com\/en\/bodegas\/finca-albret\/\" class=\"post-thumbnail-rollover layzr-bg\" aria-label=\"Post image\" rel=\"nofollow\"><img loading=\"lazy\" class=\"preload-me iso-lazy-load\" src=\"data:image\/svg+xml,%3Csvg%20xmlns%3D&#39;http%3A%2F%2Fwww.w3.org%2F2000%2Fsvg&#39;%20viewBox%3D&#39;0%200%20317%20317&#39;%2F%3E\" data-src=\"https:\/\/vinosnavarra.com\/wp-content\/uploads\/2024\/08\/Disen\u0303o-sin-ti\u0301tulo-36.png\" data-srcset=\"https:\/\/vinosnavarra.com\/wp-content\/uploads\/2024\/08\/Disen\u0303o-sin-ti\u0301tulo-36.png 317w\" alt=\"\" title=\"finca-albret\" width=\"317\" height=\"317\"  \/><\/a><div class=\"project-links-container\"><a href=\"https:\/\/vinosnavarra.com\/en\/bodegas\/finca-albret\/\" class=\"project-details\" aria-label=\"Details link\" rel=\"nofollow\"><span aria-hidden=\"true\" class=\" icomoon-the7-font-the7-expand-02\"><\/span><\/a><\/div>\n\t\t<\/div>\n\t<\/div>\n\n\n<div class=\"post-entry-content\">\n\n\t<h4 class=\"ele-entry-title\"><a href=\"https:\/\/vinosnavarra.com\/en\/bodegas\/finca-albret\/\" title=\"Finca Albret\" rel=\"bookmark\">Finca Albret<\/a><\/h4>\n<\/div><\/article><\/div><div class=\"hidden wf-cell iso-item category-230 category-228\" data-post-id=\"32981\" data-date=\"2021-06-04T09:33:26+00:00\" data-name=\"Hacienda y Vi\u00f1edos Marqu\u00e9s del Atrio\"><article class=\"post visible post-32981 dt_portfolio type-dt_portfolio status-publish has-post-thumbnail hentry dt_portfolio_category-bodegas-club-vinos-abn dt_portfolio_category-bodegas-en dt_portfolio_category-230 dt_portfolio_category-228 description-off\" data-name=\"Hacienda y Vi\u00f1edos Marqu\u00e9s del Atrio\" data-date=\"2021-06-04T09:33:26+00:00\">\n\n\t<div class=\"post-thumbnail-wrap rollover-active\">\n\t\t<div class=\"post-thumbnail\">\n\n\t\t\t<a href=\"https:\/\/vinosnavarra.com\/en\/bodegas\/hacienda-y-vinedos-marques-del-atrio\/\" class=\"post-thumbnail-rollover layzr-bg\" aria-label=\"Post image\" rel=\"nofollow\"><img loading=\"lazy\" class=\"preload-me iso-lazy-load\" src=\"data:image\/svg+xml,%3Csvg%20xmlns%3D&#39;http%3A%2F%2Fwww.w3.org%2F2000%2Fsvg&#39;%20viewBox%3D&#39;0%200%20317%20317&#39;%2F%3E\" data-src=\"https:\/\/vinosnavarra.com\/wp-content\/uploads\/2021\/06\/17-marques-del-atrio.png\" data-srcset=\"https:\/\/vinosnavarra.com\/wp-content\/uploads\/2021\/06\/17-marques-del-atrio.png 317w\" alt=\"\" title=\"17-marques-del-atrio\" width=\"317\" height=\"317\"  \/><\/a><div class=\"project-links-container\"><a href=\"https:\/\/vinosnavarra.com\/en\/bodegas\/hacienda-y-vinedos-marques-del-atrio\/\" class=\"project-details\" aria-label=\"Details link\" rel=\"nofollow\"><span aria-hidden=\"true\" class=\" icomoon-the7-font-the7-expand-02\"><\/span><\/a><\/div>\n\t\t<\/div>\n\t<\/div>\n\n\n<div class=\"post-entry-content\">\n\n\t<h4 class=\"ele-entry-title\"><a href=\"https:\/\/vinosnavarra.com\/en\/bodegas\/hacienda-y-vinedos-marques-del-atrio\/\" title=\"Hacienda y Vi\u00f1edos Marqu\u00e9s del Atrio\" rel=\"bookmark\">Hacienda y Vi\u00f1edos Marqu\u00e9s del Atrio<\/a><\/h4>\n<\/div><\/article><\/div><div class=\"hidden wf-cell iso-item category-230 category-232 category-228\" data-post-id=\"32993\" data-date=\"2021-06-04T08:09:39+00:00\" data-name=\"Pago de Larrainzar\"><article class=\"post visible post-32993 dt_portfolio type-dt_portfolio status-publish has-post-thumbnail hentry dt_portfolio_category-bodegas-club-vinos-abn dt_portfolio_category-enoturismo-en dt_portfolio_category-bodegas-en dt_portfolio_category-230 dt_portfolio_category-232 dt_portfolio_category-228 description-off\" data-name=\"Pago de Larrainzar\" data-date=\"2021-06-04T08:09:39+00:00\">\n\n\t<div class=\"post-thumbnail-wrap rollover-active\">\n\t\t<div class=\"post-thumbnail\">\n\n\t\t\t<a href=\"https:\/\/vinosnavarra.com\/en\/bodegas\/pago-de-larrainzar\/\" class=\"post-thumbnail-rollover layzr-bg\" aria-label=\"Post image\" rel=\"nofollow\"><img loading=\"lazy\" class=\"preload-me iso-lazy-load\" src=\"data:image\/svg+xml,%3Csvg%20xmlns%3D&#39;http%3A%2F%2Fwww.w3.org%2F2000%2Fsvg&#39;%20viewBox%3D&#39;0%200%20317%20317&#39;%2F%3E\" data-src=\"https:\/\/vinosnavarra.com\/wp-content\/uploads\/2021\/06\/14-bodegas-pago-de-larrainzar.png\" data-srcset=\"https:\/\/vinosnavarra.com\/wp-content\/uploads\/2021\/06\/14-bodegas-pago-de-larrainzar.png 317w\" alt=\"\" title=\"14-bodegas-pago-de-larrainzar\" width=\"317\" height=\"317\"  \/><\/a><div class=\"project-links-container\"><a href=\"https:\/\/vinosnavarra.com\/en\/bodegas\/pago-de-larrainzar\/\" class=\"project-details\" aria-label=\"Details link\" rel=\"nofollow\"><span aria-hidden=\"true\" class=\" icomoon-the7-font-the7-expand-02\"><\/span><\/a><\/div>\n\t\t<\/div>\n\t<\/div>\n\n\n<div class=\"post-entry-content\">\n\n\t<h4 class=\"ele-entry-title\"><a href=\"https:\/\/vinosnavarra.com\/en\/bodegas\/pago-de-larrainzar\/\" title=\"Pago de Larrainzar\" rel=\"bookmark\">Pago de Larrainzar<\/a><\/h4>\n<\/div><\/article><\/div><div class=\"hidden wf-cell iso-item category-232 category-228\" data-post-id=\"33967\" data-date=\"2024-08-21T09:55:09+00:00\" data-name=\"Quaderna V\u00eda\"><article class=\"post visible post-33967 dt_portfolio type-dt_portfolio status-publish has-post-thumbnail hentry dt_portfolio_category-enoturismo-en dt_portfolio_category-bodegas-en dt_portfolio_category-232 dt_portfolio_category-228 description-off\" data-name=\"Quaderna V\u00eda\" data-date=\"2024-08-21T09:55:09+00:00\">\n\n\t<div class=\"post-thumbnail-wrap rollover-active\">\n\t\t<div class=\"post-thumbnail\">\n\n\t\t\t<a href=\"https:\/\/vinosnavarra.com\/en\/bodegas\/quaderna-via\/\" class=\"post-thumbnail-rollover layzr-bg\" aria-label=\"Post image\" rel=\"nofollow\"><img loading=\"lazy\" class=\"preload-me iso-lazy-load\" src=\"data:image\/svg+xml,%3Csvg%20xmlns%3D&#39;http%3A%2F%2Fwww.w3.org%2F2000%2Fsvg&#39;%20viewBox%3D&#39;0%200%20317%20317&#39;%2F%3E\" data-src=\"https:\/\/vinosnavarra.com\/wp-content\/uploads\/2024\/08\/Disen\u0303o-sin-ti\u0301tulo-34.png\" data-srcset=\"https:\/\/vinosnavarra.com\/wp-content\/uploads\/2024\/08\/Disen\u0303o-sin-ti\u0301tulo-34.png 317w\" alt=\"\" title=\"bodegas-quaderna-via\" width=\"317\" height=\"317\"  \/><\/a><div class=\"project-links-container\"><a href=\"https:\/\/vinosnavarra.com\/en\/bodegas\/quaderna-via\/\" class=\"project-details\" aria-label=\"Details link\" rel=\"nofollow\"><span aria-hidden=\"true\" class=\" icomoon-the7-font-the7-expand-02\"><\/span><\/a><\/div>\n\t\t<\/div>\n\t<\/div>\n\n\n<div class=\"post-entry-content\">\n\n\t<h4 class=\"ele-entry-title\"><a href=\"https:\/\/vinosnavarra.com\/en\/bodegas\/quaderna-via\/\" title=\"Quaderna V\u00eda\" rel=\"bookmark\">Quaderna V\u00eda<\/a><\/h4>\n<\/div><\/article><\/div><div class=\"hidden wf-cell iso-item category-228\" data-post-id=\"34007\" data-date=\"2024-08-21T11:15:16+00:00\" data-name=\"Ubeta Wines\"><article class=\"post visible post-34007 dt_portfolio type-dt_portfolio status-publish has-post-thumbnail hentry dt_portfolio_category-bodegas-en dt_portfolio_category-228 description-off\" data-name=\"Ubeta Wines\" data-date=\"2024-08-21T11:15:16+00:00\">\n\n\t<div class=\"post-thumbnail-wrap rollover-active\">\n\t\t<div class=\"post-thumbnail\">\n\n\t\t\t<a href=\"https:\/\/vinosnavarra.com\/en\/bodegas\/ubeta-wines\/\" class=\"post-thumbnail-rollover layzr-bg\" aria-label=\"Post image\" rel=\"nofollow\"><img loading=\"lazy\" class=\"preload-me iso-lazy-load\" src=\"data:image\/svg+xml,%3Csvg%20xmlns%3D&#39;http%3A%2F%2Fwww.w3.org%2F2000%2Fsvg&#39;%20viewBox%3D&#39;0%200%20317%20317&#39;%2F%3E\" data-src=\"https:\/\/vinosnavarra.com\/wp-content\/uploads\/2024\/08\/Disen\u0303o-sin-ti\u0301tulo-35.png\" data-srcset=\"https:\/\/vinosnavarra.com\/wp-content\/uploads\/2024\/08\/Disen\u0303o-sin-ti\u0301tulo-35.png 317w\" alt=\"\" title=\"ubeta-wines\" width=\"317\" height=\"317\"  \/><\/a><div class=\"project-links-container\"><a href=\"https:\/\/vinosnavarra.com\/en\/bodegas\/ubeta-wines\/\" class=\"project-details\" aria-label=\"Details link\" rel=\"nofollow\"><span aria-hidden=\"true\" class=\" icomoon-the7-font-the7-expand-02\"><\/span><\/a><\/div>\n\t\t<\/div>\n\t<\/div>\n\n\n<div class=\"post-entry-content\">\n\n\t<h4 class=\"ele-entry-title\"><a href=\"https:\/\/vinosnavarra.com\/en\/bodegas\/ubeta-wines\/\" title=\"Ubeta Wines\" rel=\"bookmark\">Ubeta Wines<\/a><\/h4>\n<\/div><\/article><\/div><div class=\"hidden wf-cell iso-item category-228\" data-post-id=\"32989\" data-date=\"2021-06-04T09:24:52+00:00\" data-name=\"Vinos y Vi\u00f1edos Dominio Lasierpe\"><article class=\"post visible post-32989 dt_portfolio type-dt_portfolio status-publish has-post-thumbnail hentry dt_portfolio_category-bodegas-en dt_portfolio_category-228 description-off\" data-name=\"Vinos y Vi\u00f1edos Dominio Lasierpe\" data-date=\"2021-06-04T09:24:52+00:00\">\n\n\t<div class=\"post-thumbnail-wrap rollover-active\">\n\t\t<div class=\"post-thumbnail\">\n\n\t\t\t<a href=\"https:\/\/vinosnavarra.com\/en\/bodegas\/vinos-y-vinedos-dominio-lasierpe\/\" class=\"post-thumbnail-rollover layzr-bg\" aria-label=\"Post image\" rel=\"nofollow\"><img loading=\"lazy\" class=\"preload-me iso-lazy-load\" src=\"data:image\/svg+xml,%3Csvg%20xmlns%3D&#39;http%3A%2F%2Fwww.w3.org%2F2000%2Fsvg&#39;%20viewBox%3D&#39;0%200%20317%20317&#39;%2F%3E\" data-src=\"https:\/\/vinosnavarra.com\/wp-content\/uploads\/2021\/06\/15-bodegas-dominio-lasierpe.png\" data-srcset=\"https:\/\/vinosnavarra.com\/wp-content\/uploads\/2021\/06\/15-bodegas-dominio-lasierpe.png 317w\" alt=\"\" title=\"15-bodegas-dominio-lasierpe\" width=\"317\" height=\"317\"  \/><\/a><div class=\"project-links-container\"><a href=\"https:\/\/vinosnavarra.com\/en\/bodegas\/vinos-y-vinedos-dominio-lasierpe\/\" class=\"project-details\" aria-label=\"Details link\" rel=\"nofollow\"><span aria-hidden=\"true\" class=\" icomoon-the7-font-the7-expand-02\"><\/span><\/a><\/div>\n\t\t<\/div>\n\t<\/div>\n\n\n<div class=\"post-entry-content\">\n\n\t<h4 class=\"ele-entry-title\"><a href=\"https:\/\/vinosnavarra.com\/en\/bodegas\/vinos-y-vinedos-dominio-lasierpe\/\" title=\"Vinos y Vi\u00f1edos Dominio Lasierpe\" rel=\"bookmark\">Vinos y Vi\u00f1edos Dominio Lasierpe<\/a><\/h4>\n<\/div><\/article><\/div><\/div><!-- iso-container|iso-grid --><div class=\"paginator filter-decorations paginator-more-button\">\n\t\t\t\t<a class=\"button-load-more highlighted filter-item\" href=\"javascript:void(0);\" data-dt-page=\"1\" ><span class=\"button-caption\">Load more<\/span><\/a>\n\t\t\t<\/div><\/div>\t\t<\/div>\n\t\t\t\t<\/div>\n\t\t\t\t\t<\/div>\n\t\t<\/div>\n\t\t\t\t\t\t\t<\/div>\n\t\t<\/section>\n\t\t\t\t<section class=\"elementor-section elementor-top-section elementor-element elementor-element-a672a90 elementor-section-height-min-height elementor-section-boxed elementor-section-height-default elementor-section-items-middle\" data-id=\"a672a90\" data-element_type=\"section\" data-settings=\"{&quot;background_background&quot;:&quot;classic&quot;,&quot;shape_divider_top&quot;:&quot;mountains&quot;}\">\n\t\t\t\t\t<div class=\"elementor-shape elementor-shape-top\" data-negative=\"false\">\n\t\t\t<svg xmlns=\"http:\/\/www.w3.org\/2000\/svg\" viewBox=\"0 0 1000 100\" preserveAspectRatio=\"none\">\n\t<path class=\"elementor-shape-fill\" opacity=\"0.33\" d=\"M473,67.3c-203.9,88.3-263.1-34-320.3,0C66,119.1,0,59.7,0,59.7V0h1000v59.7 c0,0-62.1,26.1-94.9,29.3c-32.8,3.3-62.8-12.3-75.8-22.1C806,49.6,745.3,8.7,694.9,4.7S492.4,59,473,67.3z\"\/>\n\t<path class=\"elementor-shape-fill\" opacity=\"0.66\" d=\"M734,67.3c-45.5,0-77.2-23.2-129.1-39.1c-28.6-8.7-150.3-10.1-254,39.1 s-91.7-34.4-149.2,0C115.7,118.3,0,39.8,0,39.8V0h1000v36.5c0,0-28.2-18.5-92.1-18.5C810.2,18.1,775.7,67.3,734,67.3z\"\/>\n\t<path class=\"elementor-shape-fill\" d=\"M766.1,28.9c-200-57.5-266,65.5-395.1,19.5C242,1.8,242,5.4,184.8,20.6C128,35.8,132.3,44.9,89.9,52.5C28.6,63.7,0,0,0,0 h1000c0,0-9.9,40.9-83.6,48.1S829.6,47,766.1,28.9z\"\/>\n<\/svg>\t\t<\/div>\n\t\t\t\t\t<div class=\"elementor-container elementor-column-gap-default\">\n\t\t\t\t\t<div class=\"elementor-column elementor-col-100 elementor-top-column elementor-element elementor-element-f7c1ab6\" data-id=\"f7c1ab6\" data-element_type=\"column\">\n\t\t\t<div class=\"elementor-widget-wrap elementor-element-populated\">\n\t\t\t\t\t\t\t\t<section class=\"elementor-section elementor-inner-section elementor-element elementor-element-daebeb1 elementor-section-boxed elementor-section-height-default elementor-section-height-default\" data-id=\"daebeb1\" data-element_type=\"section\" data-settings=\"{&quot;background_background&quot;:&quot;classic&quot;}\">\n\t\t\t\t\t\t<div class=\"elementor-container elementor-column-gap-wider\">\n\t\t\t\t\t<div class=\"elementor-column elementor-col-50 elementor-inner-column elementor-element elementor-element-cdee29c\" data-id=\"cdee29c\" data-element_type=\"column\">\n\t\t\t<div class=\"elementor-widget-wrap elementor-element-populated\">\n\t\t\t\t\t\t\t\t<div class=\"elementor-element elementor-element-ae8b6b7 elementor-invisible elementor-widget elementor-widget-heading\" data-id=\"ae8b6b7\" data-element_type=\"widget\" data-settings=\"{&quot;_animation&quot;:&quot;fadeInLeft&quot;}\" data-widget_type=\"heading.default\">\n\t\t\t\t<div class=\"elementor-widget-container\">\n\t\t\t<h2 class=\"elementor-heading-title elementor-size-default\"><span class=\"weight-tit-gru\">Tenemos mucho que ofrecer a las bodegas de Navarra<\/span><\/h2>\t\t<\/div>\n\t\t\t\t<\/div>\n\t\t\t\t\t<\/div>\n\t\t<\/div>\n\t\t\t\t<div class=\"elementor-column elementor-col-50 elementor-inner-column elementor-element elementor-element-b2b949a\" data-id=\"b2b949a\" data-element_type=\"column\">\n\t\t\t<div class=\"elementor-widget-wrap elementor-element-populated\">\n\t\t\t\t\t\t\t\t<div class=\"elementor-element elementor-element-19e3e40 elementor-widget__width-auto elementor-invisible elementor-widget elementor-widget-button\" data-id=\"19e3e40\" data-element_type=\"widget\" data-settings=\"{&quot;_animation&quot;:&quot;zoomIn&quot;}\" data-widget_type=\"button.default\">\n\t\t\t\t<div class=\"elementor-widget-container\">\n\t\t\t\t\t<div class=\"elementor-button-wrapper\">\n\t\t\t<a href=\"http:\/\/vinosnavarra.com\/contacto\/?lang=en\" class=\"elementor-button-link elementor-button elementor-size-lg\" role=\"button\">\n\t\t\t\t\t\t<span class=\"elementor-button-content-wrapper\">\n\t\t\t\t\t\t<span class=\"elementor-button-text\">As\u00f3ciate<\/span>\n\t\t<\/span>\n\t\t\t\t\t<\/a>\n\t\t<\/div>\n\t\t\t\t<\/div>\n\t\t\t\t<\/div>\n\t\t\t\t\t<\/div>\n\t\t<\/div>\n\t\t\t\t\t\t\t<\/div>\n\t\t<\/section>\n\t\t\t\t\t<\/div>\n\t\t<\/div>\n\t\t\t\t\t\t\t<\/div>\n\t\t<\/section>\n\t\t\t\t\t\t<\/div>\n\t\t\t\t\t<\/div>\n\t\t","protected":false},"excerpt":{"rendered":"<p>NuestrasBodegas de Navarra BodegasBodegas Club Vinos ABN Ar\u00ednzano Bodega de Sarr\u00eda Bodega Inurrieta Bodega Mal\u00f3n de Echaide Bodega Otazu Bodega Pago de Cirsus Bodegas Alconde Bodegas Asensio Bodegas Beramendi Bodegas Campos de Enanzo Bodegas Castillo de Monjardin Bodegas Caudal\u00eda Bodegas Escudero Bodegas Gran Feudo Bodegas Irache Bodegas Marco Real Bodegas Ochoa Bodegas Pagos de Araiz&hellip;<\/p>\n","protected":false},"author":1,"featured_media":0,"parent":0,"menu_order":3,"comment_status":"closed","ping_status":"closed","template":"elementor_header_footer","meta":[],"yoast_head":"<!-- This site is optimized with the Yoast SEO plugin v16.5 - https:\/\/yoast.com\/wordpress\/plugins\/seo\/ -->\n<title>Navarra wineries: Wineries and Ethno-tourism, list of wineries.<\/title>\n<meta name=\"description\" content=\"Navarra wineries: Wineries and Ethno-tourism, list of wineries.\" \/>\n<meta name=\"robots\" content=\"index, follow, max-snippet:-1, max-image-preview:large, max-video-preview:-1\" \/>\n<link rel=\"canonical\" href=\"https:\/\/vinosnavarra.com\/en\/wineries-and-wine-tourism\/\" \/>\n<meta property=\"og:locale\" content=\"en_US\" \/>\n<meta property=\"og:type\" content=\"article\" \/>\n<meta property=\"og:title\" content=\"Navarra wineries: Wineries and Ethno-tourism, list of wineries.\" \/>\n<meta property=\"og:description\" content=\"Navarra wineries: Wineries and Ethno-tourism, list of wineries.\" \/>\n<meta property=\"og:url\" content=\"https:\/\/vinosnavarra.com\/en\/wineries-and-wine-tourism\/\" \/>\n<meta property=\"og:site_name\" content=\"vinosnavarra.com\" \/>\n<meta property=\"article:modified_time\" content=\"2024-12-18T11:41:22+00:00\" \/>\n<meta property=\"og:image\" content=\"\" \/>\n<meta name=\"twitter:card\" content=\"summary_large_image\" \/>\n<meta name=\"twitter:label1\" content=\"Est. reading time\" \/>\n\t<meta name=\"twitter:data1\" content=\"8 minutes\" \/>\n<script type=\"application\/ld+json\" class=\"yoast-schema-graph\">{\"@context\":\"https:\/\/schema.org\",\"@graph\":[{\"@type\":\"WebSite\",\"@id\":\"https:\/\/vinosnavarra.com\/#website\",\"url\":\"https:\/\/vinosnavarra.com\/\",\"name\":\"vinosnavarra.com\",\"description\":\"Otro sitio realizado con WordPress\",\"potentialAction\":[{\"@type\":\"SearchAction\",\"target\":\"https:\/\/vinosnavarra.com\/?s={search_term_string}\",\"query-input\":\"required name=search_term_string\"}],\"inLanguage\":\"en-US\"},{\"@type\":\"ImageObject\",\"@id\":\"https:\/\/vinosnavarra.com\/en\/wineries-and-wine-tourism\/#primaryimage\",\"inLanguage\":\"en-US\",\"url\":\"data:image\/svg+xml,%3Csvg%20xmlns%3D&#39;http%3A%2F%2Fwww.w3.org%2F2000%2Fsvg&#39;%20viewBox%3D&#39;0%200%20317%20317&#39;%2F%3E\",\"contentUrl\":\"data:image\/svg+xml,%3Csvg%20xmlns%3D&#39;http%3A%2F%2Fwww.w3.org%2F2000%2Fsvg&#39;%20viewBox%3D&#39;0%200%20317%20317&#39;%2F%3E\"},{\"@type\":\"WebPage\",\"@id\":\"https:\/\/vinosnavarra.com\/en\/wineries-and-wine-tourism\/#webpage\",\"url\":\"https:\/\/vinosnavarra.com\/en\/wineries-and-wine-tourism\/\",\"name\":\"Navarra wineries: Wineries and Ethno-tourism, list of wineries.\",\"isPartOf\":{\"@id\":\"https:\/\/vinosnavarra.com\/#website\"},\"primaryImageOfPage\":{\"@id\":\"https:\/\/vinosnavarra.com\/en\/wineries-and-wine-tourism\/#primaryimage\"},\"datePublished\":\"2021-05-24T11:59:45+00:00\",\"dateModified\":\"2024-12-18T11:41:22+00:00\",\"description\":\"Navarra wineries: Wineries and Ethno-tourism, list of wineries.\",\"breadcrumb\":{\"@id\":\"https:\/\/vinosnavarra.com\/en\/wineries-and-wine-tourism\/#breadcrumb\"},\"inLanguage\":\"en-US\",\"potentialAction\":[{\"@type\":\"ReadAction\",\"target\":[\"https:\/\/vinosnavarra.com\/en\/wineries-and-wine-tourism\/\"]}]},{\"@type\":\"BreadcrumbList\",\"@id\":\"https:\/\/vinosnavarra.com\/en\/wineries-and-wine-tourism\/#breadcrumb\",\"itemListElement\":[{\"@type\":\"ListItem\",\"position\":1,\"name\":\"Portada\",\"item\":\"https:\/\/vinosnavarra.com\/en\/\"},{\"@type\":\"ListItem\",\"position\":2,\"name\":\"Wineries\"}]}]}<\/script>\n<!-- \/ Yoast SEO plugin. -->","_links":{"self":[{"href":"https:\/\/vinosnavarra.com\/en\/wp-json\/wp\/v2\/pages\/32920"}],"collection":[{"href":"https:\/\/vinosnavarra.com\/en\/wp-json\/wp\/v2\/pages"}],"about":[{"href":"https:\/\/vinosnavarra.com\/en\/wp-json\/wp\/v2\/types\/page"}],"author":[{"embeddable":true,"href":"https:\/\/vinosnavarra.com\/en\/wp-json\/wp\/v2\/users\/1"}],"replies":[{"embeddable":true,"href":"https:\/\/vinosnavarra.com\/en\/wp-json\/wp\/v2\/comments?post=32920"}],"version-history":[{"count":26,"href":"https:\/\/vinosnavarra.com\/en\/wp-json\/wp\/v2\/pages\/32920\/revisions"}],"predecessor-version":[{"id":34538,"href":"https:\/\/vinosnavarra.com\/en\/wp-json\/wp\/v2\/pages\/32920\/revisions\/34538"}],"wp:attachment":[{"href":"https:\/\/vinosnavarra.com\/en\/wp-json\/wp\/v2\/media?parent=32920"}],"curies":[{"name":"wp","href":"https:\/\/api.w.org\/{rel}","templated":true}]}}